{"id":5985,"date":"2018-06-06T15:25:35","date_gmt":"2018-06-06T13:25:35","guid":{"rendered":"http:\/\/www.living-leedh.com\/?page_id=5985"},"modified":"2022-03-10T11:17:55","modified_gmt":"2022-03-10T10:17:55","slug":"baie-des-sons-2018","status":"publish","type":"page","link":"https:\/\/www.living-leedh.com\/?page_id=5985","title":{"rendered":"Baie des Sons 2018"},"content":{"rendered":"<p style=\"text-align: left;\"><strong><a href=\"http:\/\/www.living-leedh.com\/wp-content\/uploads\/2018\/05\/PROGRAMME_LABAIEDESSONS2018_300X420.pdf\" target=\"_blank\" rel=\"noopener\"><img loading=\"lazy\" decoding=\"async\" class=\"size-full wp-image-5986 alignleft\" src=\"http:\/\/www.living-leedh.com\/wp-content\/uploads\/2018\/06\/affiche.png\" alt=\"\" width=\"257\" height=\"537\" srcset=\"https:\/\/www.living-leedh.com\/wp-content\/uploads\/2018\/06\/affiche.png 257w, https:\/\/www.living-leedh.com\/wp-content\/uploads\/2018\/06\/affiche-144x300.png 144w\" sizes=\"auto, (max-width: 257px) 100vw, 257px\" \/><\/a>\u00a0<a href=\"http:\/\/www.living-leedh.com\/?page_id=17\"><em><img loading=\"lazy\" decoding=\"async\" class=\"alignnone wp-image-1191\" src=\"http:\/\/www.living-leedh.com\/wp-content\/uploads\/2015\/05\/LivingClubSign.jpg\" alt=\"LivingClubSign\" width=\"82\" height=\"31\" \/><\/em><\/a>\u00a0\u00e9tait\u00a0toujours pr\u00e9sent \u00e0 la Baie des Sons, pour cette saison 2018.<\/strong><\/p>\n<p>Des activit\u00e9s ludiques autour du son, des concerts parfois d\u00e9jant\u00e9s, des propositions surprenantes dans le parc, un march\u00e9 aux disques vinyles et &#8230; le <strong>salon audiophile<\/strong> du \u00a0<a href=\"http:\/\/www.living-leedh.com\/?page_id=17\"><em><img loading=\"lazy\" decoding=\"async\" class=\"alignnone wp-image-1191\" src=\"http:\/\/www.living-leedh.com\/wp-content\/uploads\/2015\/05\/LivingClubSign.jpg\" alt=\"LivingClubSign\" width=\"82\" height=\"31\" \/><\/em><\/a>\u00a0avec les <a href=\"http:\/\/www.living-leedh.com\/?page_id=22\" target=\"_blank\" rel=\"noopener\">E2 Glass.<\/a><\/p>\n<p>Pour cette 4\u00e9me ann\u00e9e, <a href=\"http:\/\/www.living-leedh.com\/?page_id=30\" target=\"_blank\" rel=\"noopener\">JustLiSten<\/a> a mis en \u0153uvre sa source vinyle, une m\u00e9canique CD CEC, et sa \u00ab\u00a0tablette d\u00e9mat'\u00a0\u00bb.<br \/>\n<a href=\"http:\/\/www.living-leedh.com\/?page_id=88\" target=\"_blank\" rel=\"noopener\">M\u00e9lomane34<\/a>, venu de loin, a apport\u00e9 son DAC Hugo TT, et son Mac-pro, ainsi qu&rsquo;une Ground Box et un c\u00e2ble USB <a href=\"http:\/\/www.entreq.com\/\" target=\"_blank\" rel=\"noopener\">Entreq<\/a>.<br \/>\nQuelques essais le dimanche matin, avant l&rsquo;ouverture au public, ont confirm\u00e9 l&rsquo;apport qualitatif en raccordement au Mac.<\/p>\n<p>L&rsquo;ensemble des \u00e9lectroniques repose sur des \u00ab\u00a0plaques Michel\u00a0\u00bb qui participe avec nous.<a href=\"https:\/\/www.living-leedh.com\/wp-content\/uploads\/2018\/06\/JL-r\u00e9gle-e1607507474762.jpg\"><img loading=\"lazy\" decoding=\"async\" class=\"alignnone wp-image-5987 size-full\" src=\"https:\/\/www.living-leedh.com\/wp-content\/uploads\/2018\/06\/JL-r\u00e9gle-e1607507474762.jpg\" alt=\"\" width=\"768\" height=\"1024\" srcset=\"https:\/\/www.living-leedh.com\/wp-content\/uploads\/2018\/06\/JL-r\u00e9gle-e1607507474762.jpg 768w, https:\/\/www.living-leedh.com\/wp-content\/uploads\/2018\/06\/JL-r\u00e9gle-e1607507474762-225x300.jpg 225w, https:\/\/www.living-leedh.com\/wp-content\/uploads\/2018\/06\/JL-r\u00e9gle-e1607507474762-400x533.jpg 400w\" sizes=\"auto, (max-width: 768px) 100vw, 768px\" \/><\/a>Premi\u00e8re sortie publique pour les LEEDHE2 en version Glass de <em>JustLiSten<\/em>. Il n&rsquo;a pas \u00e9t\u00e9 jug\u00e9 utile de mettre en \u0153uvre le <a href=\"http:\/\/www.living-leedh.com\/?page_id=24\" target=\"_blank\" rel=\"noopener\">Caisson 20.1<\/a> dans cette nouvelle configuration\u00a0:\u00a0L&rsquo;\u00e9quilibre tonal des versions Glass permet de s&rsquo;en affranchir sans frustration.<\/p>\n<p><a href=\"https:\/\/www.living-leedh.com\/wp-content\/uploads\/2018\/06\/SupportMichelE2-e1607507319157.jpg\"><img loading=\"lazy\" decoding=\"async\" class=\"wp-image-5988 size-full alignleft\" src=\"https:\/\/www.living-leedh.com\/wp-content\/uploads\/2018\/06\/SupportMichelE2-e1607507319157.jpg\" alt=\"\" width=\"336\" height=\"395\" srcset=\"https:\/\/www.living-leedh.com\/wp-content\/uploads\/2018\/06\/SupportMichelE2-e1607507319157.jpg 336w, https:\/\/www.living-leedh.com\/wp-content\/uploads\/2018\/06\/SupportMichelE2-e1607507319157-255x300.jpg 255w\" sizes=\"auto, (max-width: 336px) 100vw, 336px\" \/><\/a>M\u00eame les LEEDH b\u00e9n\u00e9ficient des supports de Michel, dans une version prototype restant \u00e0 valider par d&rsquo;autres \u00e9coutes.<br \/>\nLe propos de cet Espace \u00a0Audiophile, int\u00e9gr\u00e9 durant 2 jours dans l&rsquo;\u00e9v\u00e9nement \u00ab\u00a0Baie des Sons\u00a0\u00bb, est de faire d\u00e9couvrir l&rsquo;\u00e9motion que peut procurer \u00ab\u00a0la musique chez soi\u00a0\u00bb \u00e0 un public m\u00e9lomane ou n\u00e9ophyte venu encore plus nombreux cette ann\u00e9e. <img loading=\"lazy\" decoding=\"async\" class=\"alignnone size-full wp-image-5989\" src=\"http:\/\/www.living-leedh.com\/wp-content\/uploads\/2018\/06\/Public.jpg\" alt=\"\" width=\"1024\" height=\"576\" srcset=\"https:\/\/www.living-leedh.com\/wp-content\/uploads\/2018\/06\/Public.jpg 1024w, https:\/\/www.living-leedh.com\/wp-content\/uploads\/2018\/06\/Public-300x169.jpg 300w, https:\/\/www.living-leedh.com\/wp-content\/uploads\/2018\/06\/Public-768x432.jpg 768w, https:\/\/www.living-leedh.com\/wp-content\/uploads\/2018\/06\/Public-128x72.jpg 128w, https:\/\/www.living-leedh.com\/wp-content\/uploads\/2018\/06\/Public-400x225.jpg 400w\" sizes=\"auto, (max-width: 1024px) 100vw, 1024px\" \/><img loading=\"lazy\" decoding=\"async\" class=\"wp-image-5990 alignleft\" src=\"http:\/\/www.living-leedh.com\/wp-content\/uploads\/2018\/06\/Chet-et-le-public.jpg\" alt=\"\" width=\"334\" height=\"188\" srcset=\"https:\/\/www.living-leedh.com\/wp-content\/uploads\/2018\/06\/Chet-et-le-public.jpg 1024w, https:\/\/www.living-leedh.com\/wp-content\/uploads\/2018\/06\/Chet-et-le-public-300x169.jpg 300w, https:\/\/www.living-leedh.com\/wp-content\/uploads\/2018\/06\/Chet-et-le-public-768x432.jpg 768w, https:\/\/www.living-leedh.com\/wp-content\/uploads\/2018\/06\/Chet-et-le-public-128x72.jpg 128w, https:\/\/www.living-leedh.com\/wp-content\/uploads\/2018\/06\/Chet-et-le-public-400x225.jpg 400w\" sizes=\"auto, (max-width: 334px) 100vw, 334px\" \/><\/p>\n<p><a href=\"http:\/\/www.living-leedh.com\/?page_id=528\" target=\"_blank\" rel=\"noopener\">Chet<\/a> en profite pour relever quelques r\u00e9pertoires apport\u00e9s par\u00a0un auditeur averti.<\/p>\n<p><a href=\"https:\/\/www.living-leedh.com\/wp-content\/uploads\/2018\/06\/nettoyageVinyl-e1607507219201.jpg\"><img loading=\"lazy\" decoding=\"async\" class=\"wp-image-5991 size-full alignleft\" src=\"https:\/\/www.living-leedh.com\/wp-content\/uploads\/2018\/06\/nettoyageVinyl-e1607507219201.jpg\" alt=\"\" width=\"856\" height=\"768\" srcset=\"https:\/\/www.living-leedh.com\/wp-content\/uploads\/2018\/06\/nettoyageVinyl-e1607507219201.jpg 856w, https:\/\/www.living-leedh.com\/wp-content\/uploads\/2018\/06\/nettoyageVinyl-e1607507219201-300x269.jpg 300w, https:\/\/www.living-leedh.com\/wp-content\/uploads\/2018\/06\/nettoyageVinyl-e1607507219201-768x689.jpg 768w, https:\/\/www.living-leedh.com\/wp-content\/uploads\/2018\/06\/nettoyageVinyl-e1607507219201-400x359.jpg 400w\" sizes=\"auto, (max-width: 856px) 100vw, 856px\" \/><\/a><\/p>\n<p>Tous les supports sont utilis\u00e9s, et une machine est m\u00eame l\u00e0 pour nettoyer les vinyles achet\u00e9s sur un autre stand et ceux apport\u00e9s par les visiteurs.<\/p>\n<p><a href=\"https:\/\/www.living-leedh.com\/wp-content\/uploads\/2018\/06\/Disques-e1607507376509.jpg\"><img loading=\"lazy\" decoding=\"async\" class=\"alignnone wp-image-5993 size-full\" src=\"https:\/\/www.living-leedh.com\/wp-content\/uploads\/2018\/06\/Disques-e1607507376509.jpg\" alt=\"\" width=\"448\" height=\"316\" srcset=\"https:\/\/www.living-leedh.com\/wp-content\/uploads\/2018\/06\/Disques-e1607507376509.jpg 448w, https:\/\/www.living-leedh.com\/wp-content\/uploads\/2018\/06\/Disques-e1607507376509-300x212.jpg 300w, https:\/\/www.living-leedh.com\/wp-content\/uploads\/2018\/06\/Disques-e1607507376509-400x282.jpg 400w\" sizes=\"auto, (max-width: 448px) 100vw, 448px\" \/><\/a><\/p>\n<p style=\"text-align: center;\"><a href=\"https:\/\/www.living-leedh.com\/wp-content\/uploads\/2018\/06\/Statues-e1607507411573.jpg\"><img loading=\"lazy\" decoding=\"async\" class=\"wp-image-5994 size-full alignleft\" src=\"https:\/\/www.living-leedh.com\/wp-content\/uploads\/2018\/06\/Statues-e1607507411573.jpg\" alt=\"\" width=\"336\" height=\"448\" srcset=\"https:\/\/www.living-leedh.com\/wp-content\/uploads\/2018\/06\/Statues-e1607507411573.jpg 336w, https:\/\/www.living-leedh.com\/wp-content\/uploads\/2018\/06\/Statues-e1607507411573-225x300.jpg 225w\" sizes=\"auto, (max-width: 336px) 100vw, 336px\" \/><\/a><\/p>\n<p>&nbsp;<\/p>\n<p>Deux jours de plaisir musical, de r\u00e9ponses \u00e0 des questions montrant l&rsquo;int\u00e9r\u00eat que suscite notre passion.<\/p>\n<p>M\u00eame les statues ne sont pas rest\u00e9es de marbre !<\/p>\n<p>&nbsp;<\/p>\n<p>&nbsp;<\/p>\n<p>Le dimanche, <em>Myfavoritething<\/em> fera le d\u00e9placement de Brest et nous aurons le plaisir de rencontrer <em>Gouaroux<\/em>,\u00a0 l&rsquo;un des plus r\u00e9cents membre inscrit au club et venu du Mans.<br \/>\n&#8230; Et les comp\u00e8res Leedhers ont partag\u00e9 complicit\u00e9, \u00e9motions et plaisir en esp\u00e9rant en avoir transmis quelques bribes.<\/p>\n<figure id=\"attachment_5995\" aria-describedby=\"caption-attachment-5995\" style=\"width: 877px\" class=\"wp-caption aligncenter\"><a href=\"http:\/\/www.living-leedh.com\/wp-content\/uploads\/2018\/06\/Leedhers.jpg\"><img loading=\"lazy\" decoding=\"async\" class=\"wp-image-5995 size-full\" src=\"http:\/\/www.living-leedh.com\/wp-content\/uploads\/2018\/06\/Leedhers.jpg\" alt=\"\" width=\"877\" height=\"576\" srcset=\"https:\/\/www.living-leedh.com\/wp-content\/uploads\/2018\/06\/Leedhers.jpg 877w, https:\/\/www.living-leedh.com\/wp-content\/uploads\/2018\/06\/Leedhers-300x197.jpg 300w, https:\/\/www.living-leedh.com\/wp-content\/uploads\/2018\/06\/Leedhers-768x504.jpg 768w, https:\/\/www.living-leedh.com\/wp-content\/uploads\/2018\/06\/Leedhers-400x263.jpg 400w\" sizes=\"auto, (max-width: 877px) 100vw, 877px\" \/><\/a><figcaption id=\"caption-attachment-5995\" class=\"wp-caption-text\">Melonane34, Michel, Chet et JustLiSten<\/figcaption><\/figure>\n<p>\u00ab\u00a0Tranche de vie\u00a0\u00bb : pench\u00e9 sur la platine vinyle, j&rsquo;entends \u00ab\u00a0<em>tiens, c&rsquo;est un pr\u00e9ampli\u00a0 Swissonor<\/em>\u00ab\u00a0. Le monsieur, \u00e9quip\u00e9 full <a href=\"http:\/\/www.swissonor.ch\/\" target=\"_blank\" rel=\"noopener\">Swissonor<\/a>, est un ancien voisin et encore ami d&rsquo;Urs Frei, PDG de la soci\u00e9t\u00e9 suisse.<br \/>\nEt bien s\u00fbr, l&rsquo;incontournable J\u00e9r\u00e9my, qui en a encore surpris quelques-uns : tel titre, c&rsquo;est sur tel disque, plage N\u00b0 x &#8230;<br \/>\nIl n&rsquo;\u00e9tait m\u00eame pas n\u00e9 lors de l&rsquo;enregistrement de l&rsquo;album, sur vinyle &#8230;<\/p>\n<p>Le teaser de ce\u00a0salon d&rsquo;\u00e9coute\u00a0sur <a href=\"http:\/\/www.letelegramme.fr\/cotes-darmor\/saint-brieuc\/baie-des-sons-ecoutez-vos-disques-dans-le-salon-d-un-audiophile-25-05-2018-11970069.php\" target=\"_blank\" rel=\"noopener\"><img decoding=\"async\" src=\"http:\/\/www.letelegramme.fr\/img\/logo-letelegramme-min.svg\" alt=\"Le T\u00e9l\u00e9gramme, l'info vous suit partout\" \/><\/a><\/p>\n<p>&nbsp;<\/p>\n","protected":false},"excerpt":{"rendered":"<p>\u00a0\u00a0\u00e9tait\u00a0toujours pr\u00e9sent \u00e0 la Baie des Sons, pour cette saison 2018. Des activit\u00e9s ludiques autour du son, des concerts parfois d\u00e9jant\u00e9s, des propositions surprenantes dans le parc, un march\u00e9 aux disques vinyles et &#8230; le salon audiophile du \u00a0\u00a0avec les E2 Glass. Pour cette 4\u00e9me ann\u00e9e, JustLiSten a mis en \u0153uvre sa source vinyle, une &hellip; <a href=\"https:\/\/www.living-leedh.com\/?page_id=5985\" class=\"more-link\">Continuer la lecture de <span class=\"screen-reader-text\">Baie des Sons 2018<\/span>  <span class=\"meta-nav\">&rarr;<\/span><\/a><\/p>\n","protected":false},"author":1,"featured_media":0,"parent":0,"menu_order":0,"comment_status":"closed","ping_status":"closed","template":"","meta":{"_bbp_topic_count":0,"_bbp_reply_count":0,"_bbp_total_topic_count":0,"_bbp_total_reply_count":0,"_bbp_voice_count":0,"_bbp_anonymous_reply_count":0,"_bbp_topic_count_hidden":0,"_bbp_reply_count_hidden":0,"_bbp_forum_subforum_count":0,"footnotes":""},"class_list":["post-5985","page","type-page","status-publish","hentry"],"_links":{"self":[{"href":"https:\/\/www.living-leedh.com\/index.php?rest_route=\/wp\/v2\/pages\/5985","targetHints":{"allow":["GET"]}}],"collection":[{"href":"https:\/\/www.living-leedh.com\/index.php?rest_route=\/wp\/v2\/pages"}],"about":[{"href":"https:\/\/www.living-leedh.com\/index.php?rest_route=\/wp\/v2\/types\/page"}],"author":[{"embeddable":true,"href":"https:\/\/www.living-leedh.com\/index.php?rest_route=\/wp\/v2\/users\/1"}],"replies":[{"embeddable":true,"href":"https:\/\/www.living-leedh.com\/index.php?rest_route=%2Fwp%2Fv2%2Fcomments&post=5985"}],"version-history":[{"count":30,"href":"https:\/\/www.living-leedh.com\/index.php?rest_route=\/wp\/v2\/pages\/5985\/revisions"}],"predecessor-version":[{"id":7408,"href":"https:\/\/www.living-leedh.com\/index.php?rest_route=\/wp\/v2\/pages\/5985\/revisions\/7408"}],"wp:attachment":[{"href":"https:\/\/www.living-leedh.com\/index.php?rest_route=%2Fwp%2Fv2%2Fmedia&parent=5985"}],"curies":[{"name":"wp","href":"https:\/\/api.w.org\/{rel}","templated":true}]}}